{"id":2043,"date":"2019-09-13T23:52:58","date_gmt":"2019-09-13T23:52:58","guid":{"rendered":"https:\/\/jardinazul.com\/?page_id=2043"},"modified":"2023-02-04T15:20:53","modified_gmt":"2023-02-04T15:20:53","slug":"cali-2","status":"publish","type":"page","link":"https:\/\/jardinazul.com\/es_co\/cali-2\/","title":{"rendered":"Sostenibilidad"},"content":{"rendered":"\t\t<div data-elementor-type=\"wp-post\" data-elementor-id=\"2043\" class=\"elementor elementor-2043\">\n\t\t\t\t\t\t<section class=\"elementor-section elementor-top-section elementor-element elementor-element-2e291d18 elementor-section-stretched elementor-section-height-min-height elementor-section-boxed elementor-section-height-default elementor-section-items-middle\" data-id=\"2e291d18\" data-element_type=\"section\" data-settings=\"{&quot;stretch_section&quot;:&quot;section-stretched&quot;,&quot;background_background&quot;:&quot;classic&quot;}\">\n\t\t\t\t\t\t\t<div class=\"elementor-background-overlay\"><\/div>\n\t\t\t\t\t\t\t<div class=\"elementor-container elementor-column-gap-default\">\n\t\t\t\t\t<div class=\"elementor-column elementor-col-100 elementor-top-column elementor-element elementor-element-7568e395\" data-id=\"7568e395\" data-element_type=\"column\">\n\t\t\t<div class=\"elementor-widget-wrap elementor-element-populated\">\n\t\t\t\t\t\t<div class=\"elementor-element elementor-element-5e915cbb elementor-invisible elementor-widget elementor-widget-heading\" data-id=\"5e915cbb\" data-element_type=\"widget\" data-settings=\"{&quot;_animation&quot;:&quot;fadeInUp&quot;}\" data-widget_type=\"heading.default\">\n\t\t\t\t<div class=\"elementor-widget-container\">\n\t\t\t<h1 class=\"elementor-heading-title elementor-size-default\">Sostenibilidad<\/h1>\t\t<\/div>\n\t\t\t\t<\/div>\n\t\t\t\t<div class=\"elementor-element elementor-element-31f2f9b1 elementor-invisible elementor-widget elementor-widget-heading\" data-id=\"31f2f9b1\" data-element_type=\"widget\" data-settings=\"{&quot;_animation&quot;:&quot;fadeInUp&quot;,&quot;_animation_delay&quot;:400}\" data-widget_type=\"heading.default\">\n\t\t\t\t<div class=\"elementor-widget-container\">\n\t\t\t<h5 class=\"elementor-heading-title elementor-size-default\">JARD\u00cdN AZUL CASA HOTEL<\/h5>\t\t<\/div>\n\t\t\t\t<\/div>\n\t\t\t\t\t<\/div>\n\t\t<\/div>\n\t\t\t\t\t<\/div>\n\t\t<\/section>\n\t\t\t\t<section class=\"elementor-section elementor-top-section elementor-element elementor-element-af73848 elementor-section-boxed elementor-section-height-default elementor-section-height-default\" data-id=\"af73848\" data-element_type=\"section\">\n\t\t\t\t\t\t<div class=\"elementor-container elementor-column-gap-default\">\n\t\t\t\t\t<div class=\"elementor-column elementor-col-100 elementor-top-column elementor-element elementor-element-d27ca97\" data-id=\"d27ca97\" data-element_type=\"column\">\n\t\t\t<div class=\"elementor-widget-wrap elementor-element-populated\">\n\t\t\t\t\t\t<div class=\"elementor-element elementor-element-cd0c7fd elementor-invisible elementor-widget elementor-widget-text-editor\" data-id=\"cd0c7fd\" data-element_type=\"widget\" data-settings=\"{&quot;_animation&quot;:&quot;fadeInUp&quot;,&quot;_animation_delay&quot;:1200}\" data-widget_type=\"text-editor.default\">\n\t\t\t\t<div class=\"elementor-widget-container\">\n\t\t\t\t\t\t\t<p><b>JARDIN AZUL CASA HOTEL<\/b>, siendo consciente de sus obligaciones se compromete al cumplimiento de los requisitos legales que le corresponda, aplicar los criterios ambientales en todos los procesos de planificaci\u00f3n y toma de decisiones sobre cuestiones que pudieran afectar al medio ambiente, implementar acciones para disminuir, eliminar o mitigar los impactos generados por el desarrollo de las actividades, utilizar racionalmente los recursos naturales, y a la conservaci\u00f3n del patrimonio cultural, involucrando a empleados, proveedores y clientes, y se compromete a trabajar en contra de la explotaci\u00f3n sexual comercial de ni\u00f1os, ni\u00f1as y adolescentes (ESCNNA), la discriminaci\u00f3n y al tr\u00e1fico de flora y fauna, con el fin de aportar al desarrollo sostenible de la regi\u00f3n.<\/p><p><strong>Autoridad y responsabilidad<\/strong><\/p><p>El Hotel Jard\u00edn Azul cuenta con una administraci\u00f3n la cual es la encargada de implementar y mantener el Sistema de Gesti\u00f3n para la Sostenibilidad y garantiza la difusi\u00f3n de la Pol\u00edtica de Sostenibilidad entre sus colaboradores, hu\u00e9spedes y proveedores.<\/p><p>Los derechos y deberes de sostenibilidad de los colaboradores se encuentran establecidos en el Manual de talento humano, el de los hu\u00e9spedes se halla establecido en el portafolio de servicios y a los proveedores en el manual de proveedores, se les informar\u00e1 a trav\u00e9s de un comunicado por correo electr\u00f3nico en el cual se les participa de la Pol\u00edtica de Sostenibilidad.<\/p><p><strong><a href=\"https:\/\/jardinazul.com\/wp-content\/uploads\/2019\/09\/Reglamento-interno-de-servicio-al-cliente.pdf\" target=\"_blank\" rel=\"noopener\">Ver reglamento interno de servicio al cliente<\/a><\/strong><\/p>\t\t\t\t\t\t<\/div>\n\t\t\t\t<\/div>\n\t\t\t\t\t<\/div>\n\t\t<\/div>\n\t\t\t\t\t<\/div>\n\t\t<\/section>\n\t\t\t\t<section class=\"elementor-section elementor-top-section elementor-element elementor-element-5955283 elementor-section-boxed elementor-section-height-default elementor-section-height-default\" data-id=\"5955283\" data-element_type=\"section\">\n\t\t\t\t\t\t<div class=\"elementor-container elementor-column-gap-default\">\n\t\t\t\t\t<div class=\"elementor-column elementor-col-100 elementor-top-column elementor-element elementor-element-564dba8\" data-id=\"564dba8\" data-element_type=\"column\">\n\t\t\t<div class=\"elementor-widget-wrap elementor-element-populated\">\n\t\t\t\t\t\t<div class=\"elementor-element elementor-element-e81d4a3 elementor-invisible elementor-widget elementor-widget-image\" data-id=\"e81d4a3\" data-element_type=\"widget\" data-settings=\"{&quot;_animation&quot;:&quot;fadeInUp&quot;}\" data-widget_type=\"image.default\">\n\t\t\t\t<div class=\"elementor-widget-container\">\n\t\t\t\t\t\t\t\t\t\t<figure class=\"wp-caption\">\n\t\t\t\t\t\t\t\t\t\t<img fetchpriority=\"high\" decoding=\"async\" width=\"1106\" height=\"1600\" src=\"https:\/\/jardinazul.com\/wp-content\/uploads\/2019\/08\/WhatsApp-Image-2017-02-13-at-5.54.29-PM.jpeg\" class=\"attachment-full size-full wp-image-1944\" alt=\"\" srcset=\"https:\/\/jardinazul.com\/wp-content\/uploads\/2019\/08\/WhatsApp-Image-2017-02-13-at-5.54.29-PM.jpeg 1106w, https:\/\/jardinazul.com\/wp-content\/uploads\/2019\/08\/WhatsApp-Image-2017-02-13-at-5.54.29-PM-207x300.jpeg 207w, https:\/\/jardinazul.com\/wp-content\/uploads\/2019\/08\/WhatsApp-Image-2017-02-13-at-5.54.29-PM-768x1111.jpeg 768w, https:\/\/jardinazul.com\/wp-content\/uploads\/2019\/08\/WhatsApp-Image-2017-02-13-at-5.54.29-PM-708x1024.jpeg 708w, https:\/\/jardinazul.com\/wp-content\/uploads\/2019\/08\/WhatsApp-Image-2017-02-13-at-5.54.29-PM-440x637.jpeg 440w, https:\/\/jardinazul.com\/wp-content\/uploads\/2019\/08\/WhatsApp-Image-2017-02-13-at-5.54.29-PM-600x868.jpeg 600w\" sizes=\"(max-width: 1106px) 100vw, 1106px\" \/>\t\t\t\t\t\t\t\t\t\t\t<figcaption class=\"widget-image-caption wp-caption-text\"><\/figcaption>\n\t\t\t\t\t\t\t\t\t\t<\/figure>\n\t\t\t\t\t\t\t<\/div>\n\t\t\t\t<\/div>\n\t\t\t\t<div class=\"elementor-element elementor-element-c59af68 elementor-invisible elementor-widget elementor-widget-text-editor\" data-id=\"c59af68\" data-element_type=\"widget\" data-settings=\"{&quot;_animation&quot;:&quot;fadeInUp&quot;}\" data-widget_type=\"text-editor.default\">\n\t\t\t\t<div class=\"elementor-widget-container\">\n\t\t\t\t\t\t\t<h1 style=\"text-align: center;\"><strong>EN EL HOTEL JARD\u00cdN AZUL ESTAMOS EN CONTRA DE LA DISCRIMINACI\u00d3N<\/strong><\/h1>\t\t\t\t\t\t<\/div>\n\t\t\t\t<\/div>\n\t\t\t\t\t<\/div>\n\t\t<\/div>\n\t\t\t\t\t<\/div>\n\t\t<\/section>\n\t\t\t\t<section class=\"elementor-section elementor-top-section elementor-element elementor-element-e5ec352 elementor-section-boxed elementor-section-height-default elementor-section-height-default\" data-id=\"e5ec352\" data-element_type=\"section\">\n\t\t\t\t\t\t<div class=\"elementor-container elementor-column-gap-default\">\n\t\t\t\t\t<div class=\"elementor-column elementor-col-100 elementor-top-column elementor-element elementor-element-ce8f48c\" data-id=\"ce8f48c\" data-element_type=\"column\">\n\t\t\t<div class=\"elementor-widget-wrap elementor-element-populated\">\n\t\t\t\t\t\t<div class=\"elementor-element elementor-element-971acd7 elementor-invisible elementor-widget elementor-widget-text-editor\" data-id=\"971acd7\" data-element_type=\"widget\" data-settings=\"{&quot;_animation&quot;:&quot;fadeInUp&quot;}\" data-widget_type=\"text-editor.default\">\n\t\t\t\t<div class=\"elementor-widget-container\">\n\t\t\t\t\t\t\t<h4><strong>Misi\u00f3n<\/strong><\/h4><p>Jard\u00edn Azul, ofrece servicio de hospedaje personalizado en un ambiente familiar, tranquilo, acogedor y lleno de naturaleza, siendo un para\u00edso en medio de la ciudad, apropiado para la meditaci\u00f3n y el descanso, y as\u00ed contribuir al bienestar mental, f\u00edsico y espiritual de sus clientes nacionales e internacionales.<\/p><h4>Visi\u00f3n<\/h4><p>Jard\u00edn Azul, seguir\u00e1 brindando servicios de alojamiento a turistas nacionales, corporativos e internacionales, ofreciendo habitaciones c\u00f3modas con un toque de lujo, y espacios comunes decorados con especies florales ex\u00f3ticas y t\u00edpicas de la diversidad colombiana, que permita ser un espacio adecuado para la atracci\u00f3n de aves, para que el viajero conozca de manera libre la bio-diversidad colombiana, ayudando a conservar el espacio de descanso y meditaci\u00f3n. Siendo reconocidos por su calidad a nivel del Valle del Cauca, por su capacidad de satisfacer las necesidades y expectativas de los hu\u00e9spedes.<\/p>\t\t\t\t\t\t<\/div>\n\t\t\t\t<\/div>\n\t\t\t\t\t<\/div>\n\t\t<\/div>\n\t\t\t\t\t<\/div>\n\t\t<\/section>\n\t\t\t\t<section class=\"elementor-section elementor-top-section elementor-element elementor-element-65fcd94 elementor-section-boxed elementor-section-height-default elementor-section-height-default\" data-id=\"65fcd94\" data-element_type=\"section\">\n\t\t\t\t\t\t<div class=\"elementor-container elementor-column-gap-default\">\n\t\t\t\t\t<div class=\"elementor-column elementor-col-100 elementor-top-column elementor-element elementor-element-39c8b1d\" data-id=\"39c8b1d\" data-element_type=\"column\">\n\t\t\t<div class=\"elementor-widget-wrap elementor-element-populated\">\n\t\t\t\t\t\t<div class=\"elementor-element elementor-element-4f67c82 elementor-invisible elementor-widget elementor-widget-image\" data-id=\"4f67c82\" data-element_type=\"widget\" data-settings=\"{&quot;_animation&quot;:&quot;fadeInUp&quot;}\" data-widget_type=\"image.default\">\n\t\t\t\t<div class=\"elementor-widget-container\">\n\t\t\t\t\t\t\t\t\t\t<figure class=\"wp-caption\">\n\t\t\t\t\t\t\t\t\t\t<img decoding=\"async\" width=\"1400\" height=\"1050\" data-src=\"https:\/\/jardinazul.com\/wp-content\/uploads\/2019\/09\/GORGONA-ISLAND.jpg\" class=\"attachment-full size-full wp-image-2050 lazyload\" alt=\"\" data-srcset=\"https:\/\/jardinazul.com\/wp-content\/uploads\/2019\/09\/GORGONA-ISLAND.jpg 1400w, https:\/\/jardinazul.com\/wp-content\/uploads\/2019\/09\/GORGONA-ISLAND-300x225.jpg 300w, https:\/\/jardinazul.com\/wp-content\/uploads\/2019\/09\/GORGONA-ISLAND-768x576.jpg 768w, https:\/\/jardinazul.com\/wp-content\/uploads\/2019\/09\/GORGONA-ISLAND-1024x768.jpg 1024w, https:\/\/jardinazul.com\/wp-content\/uploads\/2019\/09\/GORGONA-ISLAND-440x330.jpg 440w, https:\/\/jardinazul.com\/wp-content\/uploads\/2019\/09\/GORGONA-ISLAND-600x450.jpg 600w\" data-sizes=\"(max-width: 1400px) 100vw, 1400px\" src=\"data:image\/gif;base64,R0lGODlhAQABAAAAACH5BAEKAAEALAAAAAABAAEAAAICTAEAOw==\" style=\"--smush-placeholder-width: 1400px; --smush-placeholder-aspect-ratio: 1400\/1050;\" \/><noscript><img decoding=\"async\" width=\"1400\" height=\"1050\" src=\"https:\/\/jardinazul.com\/wp-content\/uploads\/2019\/09\/GORGONA-ISLAND.jpg\" class=\"attachment-full size-full wp-image-2050\" alt=\"\" srcset=\"https:\/\/jardinazul.com\/wp-content\/uploads\/2019\/09\/GORGONA-ISLAND.jpg 1400w, https:\/\/jardinazul.com\/wp-content\/uploads\/2019\/09\/GORGONA-ISLAND-300x225.jpg 300w, https:\/\/jardinazul.com\/wp-content\/uploads\/2019\/09\/GORGONA-ISLAND-768x576.jpg 768w, https:\/\/jardinazul.com\/wp-content\/uploads\/2019\/09\/GORGONA-ISLAND-1024x768.jpg 1024w, https:\/\/jardinazul.com\/wp-content\/uploads\/2019\/09\/GORGONA-ISLAND-440x330.jpg 440w, https:\/\/jardinazul.com\/wp-content\/uploads\/2019\/09\/GORGONA-ISLAND-600x450.jpg 600w\" sizes=\"(max-width: 1400px) 100vw, 1400px\" \/><\/noscript>\t\t\t\t\t\t\t\t\t\t\t<figcaption class=\"widget-image-caption wp-caption-text\">Isla Gorgona: Patrimonio tur\u00edstico de la regi\u00f3n. FOTO: https:\/\/colombiasavvy.com\/travel\/pacific\/gorgona-island-from-prison-to-paradise-in-the-colombian-pacific\/<\/figcaption>\n\t\t\t\t\t\t\t\t\t\t<\/figure>\n\t\t\t\t\t\t\t<\/div>\n\t\t\t\t<\/div>\n\t\t\t\t\t<\/div>\n\t\t<\/div>\n\t\t\t\t\t<\/div>\n\t\t<\/section>\n\t\t\t\t<section class=\"elementor-section elementor-top-section elementor-element elementor-element-852f7f1 elementor-section-boxed elementor-section-height-default elementor-section-height-default\" data-id=\"852f7f1\" data-element_type=\"section\">\n\t\t\t\t\t\t<div class=\"elementor-container elementor-column-gap-default\">\n\t\t\t\t\t<div class=\"elementor-column elementor-col-100 elementor-top-column elementor-element elementor-element-5af61dd\" data-id=\"5af61dd\" data-element_type=\"column\">\n\t\t\t<div class=\"elementor-widget-wrap elementor-element-populated\">\n\t\t\t\t\t\t<div class=\"elementor-element elementor-element-cece62c elementor-invisible elementor-widget elementor-widget-text-editor\" data-id=\"cece62c\" data-element_type=\"widget\" data-settings=\"{&quot;_animation&quot;:&quot;fadeInUp&quot;}\" data-widget_type=\"text-editor.default\">\n\t\t\t\t<div class=\"elementor-widget-container\">\n\t\t\t\t\t\t\t<h4><strong><a href=\"http:\/\/inciva.gov.co\/\" target=\"_blank\" rel=\"noopener\">Patrimonio cultural y tur\u00edstico de la regi\u00f3n<\/a><\/strong><\/h4><p>El Valle del Cauca cuenta con m\u00faltiples destinos culturales y tur\u00edsticos entre los que se destacan la Hacienda El Para\u00edso, las playas de Buenaventura, el Museo Rayo, el Lago Calima, la Bas\u00edlica del Se\u00f1or de los Milagros, entre otros. Lo invitamos a conocer hermosos lugares cargados de historia y diversi\u00f3n. \u00a0<strong><a href=\"http:\/\/inciva.gov.co\/\" target=\"_blank\" rel=\"noopener\">Ver<\/a><\/strong><\/p><h4><a href=\"http:\/\/www.parquesnacionales.gov.co\/portal\/es\/parques-nacionales\/\"><strong>Parques Nacionales Naturales<\/strong><\/a><\/h4><p>En los espacios naturales, y sobre todo en las \u00e1reas protegidas, intenta siempre seguir los senderos: no molestes a las plantas ni a los animales, ni da\u00f1es los ambientes en los que viven. Visita las \u00e1reas protegidas en grupos peque\u00f1os, y acompa\u00f1ado por un gu\u00eda experto, mejor si es local.\u00a0<strong><a href=\"http:\/\/www.parquesnacionales.gov.co\/portal\/es\/parques-nacionales\/\" target=\"_blank\" rel=\"noopener\">M\u00e1s<\/a><\/strong><\/p>\t\t\t\t\t\t<\/div>\n\t\t\t\t<\/div>\n\t\t\t\t<div class=\"elementor-element elementor-element-1ef8f54 elementor-invisible elementor-widget elementor-widget-text-editor\" data-id=\"1ef8f54\" data-element_type=\"widget\" data-settings=\"{&quot;_animation&quot;:&quot;fadeInUp&quot;}\" data-widget_type=\"text-editor.default\">\n\t\t\t\t<div class=\"elementor-widget-container\">\n\t\t\t\t\t\t\t<h4><a href=\"http:\/\/soyvalle.com\/\" target=\"_blank\" rel=\"noopener\"><strong>Lugares tur\u00edsticos de la regi\u00f3n<\/strong><\/a><\/h4><p>S\u00ed eres de los que contrata una empresa para que se encargue de todos tus recorridos y aventuras, te sugerimos tener en cuenta aquellos operadores \u00e9ticos que no solo le entregan tu dinero a los grandes hoteles y operadores de turismo sino que se preocupan por el impacto de emprendimientos y comunidades nativas y la forma de como beneficiarles.\u00a0<a href=\"http:\/\/soyvalle.com\/\" target=\"_blank\" rel=\"noopener\">M\u00e1s<\/a><\/p>\t\t\t\t\t\t<\/div>\n\t\t\t\t<\/div>\n\t\t\t\t<div class=\"elementor-element elementor-element-574edc5 elementor-invisible elementor-widget elementor-widget-image\" data-id=\"574edc5\" data-element_type=\"widget\" data-settings=\"{&quot;_animation&quot;:&quot;fadeInUp&quot;}\" data-widget_type=\"image.default\">\n\t\t\t\t<div class=\"elementor-widget-container\">\n\t\t\t\t\t\t\t\t\t\t<figure class=\"wp-caption\">\n\t\t\t\t\t\t\t\t\t\t<img decoding=\"async\" width=\"1280\" height=\"800\" data-src=\"https:\/\/jardinazul.com\/wp-content\/uploads\/2019\/09\/lar_lrL8xyNgVxyhx9DKzjUgW1owZf41pr2s4kAYqLJ0.jpeg\" class=\"attachment-full size-full wp-image-2054 lazyload\" alt=\"\" data-srcset=\"https:\/\/jardinazul.com\/wp-content\/uploads\/2019\/09\/lar_lrL8xyNgVxyhx9DKzjUgW1owZf41pr2s4kAYqLJ0.jpeg 1280w, https:\/\/jardinazul.com\/wp-content\/uploads\/2019\/09\/lar_lrL8xyNgVxyhx9DKzjUgW1owZf41pr2s4kAYqLJ0-300x188.jpeg 300w, https:\/\/jardinazul.com\/wp-content\/uploads\/2019\/09\/lar_lrL8xyNgVxyhx9DKzjUgW1owZf41pr2s4kAYqLJ0-768x480.jpeg 768w, https:\/\/jardinazul.com\/wp-content\/uploads\/2019\/09\/lar_lrL8xyNgVxyhx9DKzjUgW1owZf41pr2s4kAYqLJ0-1024x640.jpeg 1024w, https:\/\/jardinazul.com\/wp-content\/uploads\/2019\/09\/lar_lrL8xyNgVxyhx9DKzjUgW1owZf41pr2s4kAYqLJ0-440x275.jpeg 440w, https:\/\/jardinazul.com\/wp-content\/uploads\/2019\/09\/lar_lrL8xyNgVxyhx9DKzjUgW1owZf41pr2s4kAYqLJ0-600x375.jpeg 600w\" data-sizes=\"(max-width: 1280px) 100vw, 1280px\" src=\"data:image\/gif;base64,R0lGODlhAQABAAAAACH5BAEKAAEALAAAAAABAAEAAAICTAEAOw==\" style=\"--smush-placeholder-width: 1280px; --smush-placeholder-aspect-ratio: 1280\/800;\" \/><noscript><img decoding=\"async\" width=\"1280\" height=\"800\" src=\"https:\/\/jardinazul.com\/wp-content\/uploads\/2019\/09\/lar_lrL8xyNgVxyhx9DKzjUgW1owZf41pr2s4kAYqLJ0.jpeg\" class=\"attachment-full size-full wp-image-2054\" alt=\"\" srcset=\"https:\/\/jardinazul.com\/wp-content\/uploads\/2019\/09\/lar_lrL8xyNgVxyhx9DKzjUgW1owZf41pr2s4kAYqLJ0.jpeg 1280w, https:\/\/jardinazul.com\/wp-content\/uploads\/2019\/09\/lar_lrL8xyNgVxyhx9DKzjUgW1owZf41pr2s4kAYqLJ0-300x188.jpeg 300w, https:\/\/jardinazul.com\/wp-content\/uploads\/2019\/09\/lar_lrL8xyNgVxyhx9DKzjUgW1owZf41pr2s4kAYqLJ0-768x480.jpeg 768w, https:\/\/jardinazul.com\/wp-content\/uploads\/2019\/09\/lar_lrL8xyNgVxyhx9DKzjUgW1owZf41pr2s4kAYqLJ0-1024x640.jpeg 1024w, https:\/\/jardinazul.com\/wp-content\/uploads\/2019\/09\/lar_lrL8xyNgVxyhx9DKzjUgW1owZf41pr2s4kAYqLJ0-440x275.jpeg 440w, https:\/\/jardinazul.com\/wp-content\/uploads\/2019\/09\/lar_lrL8xyNgVxyhx9DKzjUgW1owZf41pr2s4kAYqLJ0-600x375.jpeg 600w\" sizes=\"(max-width: 1280px) 100vw, 1280px\" \/><\/noscript>\t\t\t\t\t\t\t\t\t\t\t<figcaption class=\"widget-image-caption wp-caption-text\">Tour de compras en plazas de mercado. FOTO:https:\/\/faro.travel\/marketplace\/tour-de-aromas-sabores-y-artesanias-de-cali<\/figcaption>\n\t\t\t\t\t\t\t\t\t\t<\/figure>\n\t\t\t\t\t\t\t<\/div>\n\t\t\t\t<\/div>\n\t\t\t\t<div class=\"elementor-element elementor-element-ee69f24 elementor-invisible elementor-widget elementor-widget-image\" data-id=\"ee69f24\" data-element_type=\"widget\" data-settings=\"{&quot;_animation&quot;:&quot;fadeInUp&quot;}\" data-widget_type=\"image.default\">\n\t\t\t\t<div class=\"elementor-widget-container\">\n\t\t\t\t\t\t\t\t\t\t<figure class=\"wp-caption\">\n\t\t\t\t\t\t\t\t\t\t<img decoding=\"async\" width=\"1200\" height=\"800\" data-src=\"https:\/\/jardinazul.com\/wp-content\/uploads\/2019\/09\/PANDEBONO.jpg\" class=\"attachment-full size-full wp-image-2058 lazyload\" alt=\"\" data-srcset=\"https:\/\/jardinazul.com\/wp-content\/uploads\/2019\/09\/PANDEBONO.jpg 1200w, https:\/\/jardinazul.com\/wp-content\/uploads\/2019\/09\/PANDEBONO-300x200.jpg 300w, https:\/\/jardinazul.com\/wp-content\/uploads\/2019\/09\/PANDEBONO-768x512.jpg 768w, https:\/\/jardinazul.com\/wp-content\/uploads\/2019\/09\/PANDEBONO-1024x683.jpg 1024w, https:\/\/jardinazul.com\/wp-content\/uploads\/2019\/09\/PANDEBONO-700x466.jpg 700w, https:\/\/jardinazul.com\/wp-content\/uploads\/2019\/09\/PANDEBONO-440x293.jpg 440w, https:\/\/jardinazul.com\/wp-content\/uploads\/2019\/09\/PANDEBONO-600x400.jpg 600w\" data-sizes=\"(max-width: 1200px) 100vw, 1200px\" src=\"data:image\/gif;base64,R0lGODlhAQABAAAAACH5BAEKAAEALAAAAAABAAEAAAICTAEAOw==\" style=\"--smush-placeholder-width: 1200px; --smush-placeholder-aspect-ratio: 1200\/800;\" \/><noscript><img loading=\"lazy\" decoding=\"async\" width=\"1200\" height=\"800\" src=\"https:\/\/jardinazul.com\/wp-content\/uploads\/2019\/09\/PANDEBONO.jpg\" class=\"attachment-full size-full wp-image-2058\" alt=\"\" srcset=\"https:\/\/jardinazul.com\/wp-content\/uploads\/2019\/09\/PANDEBONO.jpg 1200w, https:\/\/jardinazul.com\/wp-content\/uploads\/2019\/09\/PANDEBONO-300x200.jpg 300w, https:\/\/jardinazul.com\/wp-content\/uploads\/2019\/09\/PANDEBONO-768x512.jpg 768w, https:\/\/jardinazul.com\/wp-content\/uploads\/2019\/09\/PANDEBONO-1024x683.jpg 1024w, https:\/\/jardinazul.com\/wp-content\/uploads\/2019\/09\/PANDEBONO-700x466.jpg 700w, https:\/\/jardinazul.com\/wp-content\/uploads\/2019\/09\/PANDEBONO-440x293.jpg 440w, https:\/\/jardinazul.com\/wp-content\/uploads\/2019\/09\/PANDEBONO-600x400.jpg 600w\" sizes=\"(max-width: 1200px) 100vw, 1200px\" \/><\/noscript>\t\t\t\t\t\t\t\t\t\t\t<figcaption class=\"widget-image-caption wp-caption-text\">Pandebono valluno FOTO: https:\/\/www.shock.co\/cultura-pop\/mira-estos-son-los-lugares-que-no-hay-que-perderse-para-comer-rico-en-cali<\/figcaption>\n\t\t\t\t\t\t\t\t\t\t<\/figure>\n\t\t\t\t\t\t\t<\/div>\n\t\t\t\t<\/div>\n\t\t\t\t<div class=\"elementor-element elementor-element-099711b elementor-invisible elementor-widget elementor-widget-text-editor\" data-id=\"099711b\" data-element_type=\"widget\" data-settings=\"{&quot;_animation&quot;:&quot;fadeInUp&quot;}\" data-widget_type=\"text-editor.default\">\n\t\t\t\t<div class=\"elementor-widget-container\">\n\t\t\t\t\t\t\t<h4><a href=\"http:\/\/www.elpais.com.co\/elpais\/entretenimiento\/noticias\/mejor-comida-vallecaucana-solo-libro-deleitese\" target=\"_blank\" rel=\"noopener\">Gastronom\u00eda<\/a><\/h4><p>Para referirse a la comida de Cali y el Valle del Cauca es necesario hablar de un crisol de culturas, saberes y tradiciones relacionadas con la comida europea que lleg\u00f3 con la conquista, la comida tradicional ind\u00edgena y el fog\u00f3n con alta influencia africana. Lo invitamos a descubrir los manjares tradicionales de la cocina vallecaucana. <a href=\"https:\/\/www.tripadvisor.co\/Restaurants-g297475-Cali_Valle_del_Cauca_Department.html\" target=\"_blank\" rel=\"noopener\">M\u00e1s<\/a><\/p>\t\t\t\t\t\t<\/div>\n\t\t\t\t<\/div>\n\t\t\t\t<div class=\"elementor-element elementor-element-22d3e71 elementor-invisible elementor-widget elementor-widget-text-editor\" data-id=\"22d3e71\" data-element_type=\"widget\" data-settings=\"{&quot;_animation&quot;:&quot;fadeInUp&quot;}\" data-widget_type=\"text-editor.default\">\n\t\t\t\t<div class=\"elementor-widget-container\">\n\t\t\t\t\t\t\t<h4><a href=\"http:\/\/www.valledelcauca.gov.co\/casadelvalle\/publicaciones.php?id=10687\" target=\"_blank\" rel=\"noopener\">Flora y fauna de la regi\u00f3n<\/a><\/h4><p>El Valle del Cauca es considerada una regi\u00f3n rica en bio-diversidad dado que alberga una cifra cercana a 5.000 especies de plantas y 1.326 especies de fauna solo de invertebrados. En el Hotel Jard\u00edn Azul estamos en contra de la comercializaci\u00f3n de flora y fauna Ay\u00fadanos a conservas nuestro pa\u00eds, se un turista ambientalmente responsable.<u><\/u><u><\/u><\/p><p>El tr\u00e1fico ilegal de flora y fauna est\u00e1 reglamentado (Ley 599 de 2000 o C\u00f3digo Penal Art. 328 a 329). y da\u00a0<strong>p<\/strong><b>ena privativa de la libertad de 2 a 5 a\u00f1os y multas hasta de 10.000 salarios m\u00ednimos legales vigentes.<\/b><span class=\"m_445238150796387659apple-converted-space\">\u00a0<\/span>a quien introduzca, explote, trafique, comercie, aproveche o se beneficie de los espec\u00edmenes, productos o partes de los recursos f\u00e1unicos, flor\u00edsticos, forestales, hidrobiol\u00f3gicos de especie amenazada o en v\u00eda de extinci\u00f3n o de los recursos gen\u00e9ticos. <strong><a href=\"http:\/\/www.sibcolombia.net\/biodiversidad-en-cifras\/\" target=\"_blank\" rel=\"noopener\">M\u00e1s<\/a><\/strong><\/p>\t\t\t\t\t\t<\/div>\n\t\t\t\t<\/div>\n\t\t\t\t<div class=\"elementor-element elementor-element-722b797 elementor-invisible elementor-widget elementor-widget-image\" data-id=\"722b797\" data-element_type=\"widget\" data-settings=\"{&quot;_animation&quot;:&quot;fadeInUp&quot;}\" data-widget_type=\"image.default\">\n\t\t\t\t<div class=\"elementor-widget-container\">\n\t\t\t\t\t\t\t\t\t\t<figure class=\"wp-caption\">\n\t\t\t\t\t\t\t\t\t\t<img decoding=\"async\" width=\"1600\" height=\"1138\" data-src=\"https:\/\/jardinazul.com\/wp-content\/uploads\/2019\/09\/pathimg_158.jpeg\" class=\"attachment-full size-full wp-image-2062 lazyload\" alt=\"\" data-srcset=\"https:\/\/jardinazul.com\/wp-content\/uploads\/2019\/09\/pathimg_158.jpeg 1600w, https:\/\/jardinazul.com\/wp-content\/uploads\/2019\/09\/pathimg_158-300x213.jpeg 300w, https:\/\/jardinazul.com\/wp-content\/uploads\/2019\/09\/pathimg_158-768x546.jpeg 768w, https:\/\/jardinazul.com\/wp-content\/uploads\/2019\/09\/pathimg_158-1024x728.jpeg 1024w, https:\/\/jardinazul.com\/wp-content\/uploads\/2019\/09\/pathimg_158-440x313.jpeg 440w, https:\/\/jardinazul.com\/wp-content\/uploads\/2019\/09\/pathimg_158-600x427.jpeg 600w\" data-sizes=\"(max-width: 1600px) 100vw, 1600px\" src=\"data:image\/gif;base64,R0lGODlhAQABAAAAACH5BAEKAAEALAAAAAABAAEAAAICTAEAOw==\" style=\"--smush-placeholder-width: 1600px; --smush-placeholder-aspect-ratio: 1600\/1138;\" \/><noscript><img loading=\"lazy\" decoding=\"async\" width=\"1600\" height=\"1138\" src=\"https:\/\/jardinazul.com\/wp-content\/uploads\/2019\/09\/pathimg_158.jpeg\" class=\"attachment-full size-full wp-image-2062\" alt=\"\" srcset=\"https:\/\/jardinazul.com\/wp-content\/uploads\/2019\/09\/pathimg_158.jpeg 1600w, https:\/\/jardinazul.com\/wp-content\/uploads\/2019\/09\/pathimg_158-300x213.jpeg 300w, https:\/\/jardinazul.com\/wp-content\/uploads\/2019\/09\/pathimg_158-768x546.jpeg 768w, https:\/\/jardinazul.com\/wp-content\/uploads\/2019\/09\/pathimg_158-1024x728.jpeg 1024w, https:\/\/jardinazul.com\/wp-content\/uploads\/2019\/09\/pathimg_158-440x313.jpeg 440w, https:\/\/jardinazul.com\/wp-content\/uploads\/2019\/09\/pathimg_158-600x427.jpeg 600w\" sizes=\"(max-width: 1600px) 100vw, 1600px\" \/><\/noscript>\t\t\t\t\t\t\t\t\t\t\t<figcaption class=\"widget-image-caption wp-caption-text\">De las 1686 especies de aves que hay en el territorio colombiano, alrededor de 725 se encontraban en el departamento del Valle del Cauca. <\/figcaption>\n\t\t\t\t\t\t\t\t\t\t<\/figure>\n\t\t\t\t\t\t\t<\/div>\n\t\t\t\t<\/div>\n\t\t\t\t<div class=\"elementor-element elementor-element-24e683c elementor-invisible elementor-widget elementor-widget-text-editor\" data-id=\"24e683c\" data-element_type=\"widget\" data-settings=\"{&quot;_animation&quot;:&quot;fadeInUp&quot;}\" data-widget_type=\"text-editor.default\">\n\t\t\t\t<div class=\"elementor-widget-container\">\n\t\t\t\t\t\t\t<h4>10 Mandamientos sostenibles\u00a0<\/h4>\t\t\t\t\t\t<\/div>\n\t\t\t\t<\/div>\n\t\t\t\t<div class=\"elementor-element elementor-element-34e8413 elementor-invisible elementor-widget elementor-widget-image\" data-id=\"34e8413\" data-element_type=\"widget\" data-settings=\"{&quot;_animation&quot;:&quot;fadeInUp&quot;}\" data-widget_type=\"image.default\">\n\t\t\t\t<div class=\"elementor-widget-container\">\n\t\t\t\t\t\t\t\t\t\t<figure class=\"wp-caption\">\n\t\t\t\t\t\t\t\t\t\t<img decoding=\"async\" width=\"400\" height=\"230\" data-src=\"https:\/\/jardinazul.com\/wp-content\/uploads\/2019\/08\/mandamientos-1.jpg\" class=\"attachment-full size-full wp-image-1934 lazyload\" alt=\"\" data-srcset=\"https:\/\/jardinazul.com\/wp-content\/uploads\/2019\/08\/mandamientos-1.jpg 400w, https:\/\/jardinazul.com\/wp-content\/uploads\/2019\/08\/mandamientos-1-300x173.jpg 300w\" data-sizes=\"(max-width: 400px) 100vw, 400px\" src=\"data:image\/gif;base64,R0lGODlhAQABAAAAACH5BAEKAAEALAAAAAABAAEAAAICTAEAOw==\" style=\"--smush-placeholder-width: 400px; --smush-placeholder-aspect-ratio: 400\/230;\" \/><noscript><img loading=\"lazy\" decoding=\"async\" width=\"400\" height=\"230\" src=\"https:\/\/jardinazul.com\/wp-content\/uploads\/2019\/08\/mandamientos-1.jpg\" class=\"attachment-full size-full wp-image-1934\" alt=\"\" srcset=\"https:\/\/jardinazul.com\/wp-content\/uploads\/2019\/08\/mandamientos-1.jpg 400w, https:\/\/jardinazul.com\/wp-content\/uploads\/2019\/08\/mandamientos-1-300x173.jpg 300w\" sizes=\"(max-width: 400px) 100vw, 400px\" \/><\/noscript>\t\t\t\t\t\t\t\t\t\t\t<figcaption class=\"widget-image-caption wp-caption-text\"><\/figcaption>\n\t\t\t\t\t\t\t\t\t\t<\/figure>\n\t\t\t\t\t\t\t<\/div>\n\t\t\t\t<\/div>\n\t\t\t\t\t<\/div>\n\t\t<\/div>\n\t\t\t\t\t<\/div>\n\t\t<\/section>\n\t\t\t\t<section class=\"elementor-section elementor-top-section elementor-element elementor-element-20ee4fe elementor-section-boxed elementor-section-height-default elementor-section-height-default\" data-id=\"20ee4fe\" data-element_type=\"section\">\n\t\t\t\t\t\t<div class=\"elementor-container elementor-column-gap-default\">\n\t\t\t\t\t<div class=\"elementor-column elementor-col-100 elementor-top-column elementor-element elementor-element-9b2ece3\" data-id=\"9b2ece3\" data-element_type=\"column\">\n\t\t\t<div class=\"elementor-widget-wrap elementor-element-populated\">\n\t\t\t\t\t\t<div class=\"elementor-element elementor-element-ed4311d elementor-invisible elementor-widget elementor-widget-text-editor\" data-id=\"ed4311d\" data-element_type=\"widget\" data-settings=\"{&quot;_animation&quot;:&quot;fadeInUp&quot;}\" data-widget_type=\"text-editor.default\">\n\t\t\t\t<div class=\"elementor-widget-container\">\n\t\t\t\t\t\t\t<h4>Objetivos de desarrollo sostenible\u00a0<\/h4>\t\t\t\t\t\t<\/div>\n\t\t\t\t<\/div>\n\t\t\t\t<div class=\"elementor-element elementor-element-7ee0399 elementor-invisible elementor-widget elementor-widget-image\" data-id=\"7ee0399\" data-element_type=\"widget\" data-settings=\"{&quot;_animation&quot;:&quot;fadeInUp&quot;}\" data-widget_type=\"image.default\">\n\t\t\t\t<div class=\"elementor-widget-container\">\n\t\t\t\t\t\t\t\t\t\t<figure class=\"wp-caption\">\n\t\t\t\t\t\t\t\t\t\t<img decoding=\"async\" width=\"1553\" height=\"908\" data-src=\"https:\/\/jardinazul.com\/wp-content\/uploads\/2019\/08\/S-SDG-Poster_-Letter-1.jpg\" class=\"attachment-full size-full wp-image-1938 lazyload\" alt=\"\" data-srcset=\"https:\/\/jardinazul.com\/wp-content\/uploads\/2019\/08\/S-SDG-Poster_-Letter-1.jpg 1553w, https:\/\/jardinazul.com\/wp-content\/uploads\/2019\/08\/S-SDG-Poster_-Letter-1-300x175.jpg 300w, https:\/\/jardinazul.com\/wp-content\/uploads\/2019\/08\/S-SDG-Poster_-Letter-1-768x449.jpg 768w, https:\/\/jardinazul.com\/wp-content\/uploads\/2019\/08\/S-SDG-Poster_-Letter-1-1024x599.jpg 1024w, https:\/\/jardinazul.com\/wp-content\/uploads\/2019\/08\/S-SDG-Poster_-Letter-1-440x257.jpg 440w, https:\/\/jardinazul.com\/wp-content\/uploads\/2019\/08\/S-SDG-Poster_-Letter-1-600x351.jpg 600w\" data-sizes=\"(max-width: 1553px) 100vw, 1553px\" src=\"data:image\/gif;base64,R0lGODlhAQABAAAAACH5BAEKAAEALAAAAAABAAEAAAICTAEAOw==\" style=\"--smush-placeholder-width: 1553px; --smush-placeholder-aspect-ratio: 1553\/908;\" \/><noscript><img loading=\"lazy\" decoding=\"async\" width=\"1553\" height=\"908\" src=\"https:\/\/jardinazul.com\/wp-content\/uploads\/2019\/08\/S-SDG-Poster_-Letter-1.jpg\" class=\"attachment-full size-full wp-image-1938\" alt=\"\" srcset=\"https:\/\/jardinazul.com\/wp-content\/uploads\/2019\/08\/S-SDG-Poster_-Letter-1.jpg 1553w, https:\/\/jardinazul.com\/wp-content\/uploads\/2019\/08\/S-SDG-Poster_-Letter-1-300x175.jpg 300w, https:\/\/jardinazul.com\/wp-content\/uploads\/2019\/08\/S-SDG-Poster_-Letter-1-768x449.jpg 768w, https:\/\/jardinazul.com\/wp-content\/uploads\/2019\/08\/S-SDG-Poster_-Letter-1-1024x599.jpg 1024w, https:\/\/jardinazul.com\/wp-content\/uploads\/2019\/08\/S-SDG-Poster_-Letter-1-440x257.jpg 440w, https:\/\/jardinazul.com\/wp-content\/uploads\/2019\/08\/S-SDG-Poster_-Letter-1-600x351.jpg 600w\" sizes=\"(max-width: 1553px) 100vw, 1553px\" \/><\/noscript>\t\t\t\t\t\t\t\t\t\t\t<figcaption class=\"widget-image-caption wp-caption-text\"><\/figcaption>\n\t\t\t\t\t\t\t\t\t\t<\/figure>\n\t\t\t\t\t\t\t<\/div>\n\t\t\t\t<\/div>\n\t\t\t\t<div class=\"elementor-element elementor-element-1ad4930 elementor-invisible elementor-widget elementor-widget-text-editor\" data-id=\"1ad4930\" data-element_type=\"widget\" data-settings=\"{&quot;_animation&quot;:&quot;fadeInUp&quot;}\" data-widget_type=\"text-editor.default\">\n\t\t\t\t<div class=\"elementor-widget-container\">\n\t\t\t\t\t\t\t<h4>ESCNNA<\/h4>\t\t\t\t\t\t<\/div>\n\t\t\t\t<\/div>\n\t\t\t\t<div class=\"elementor-element elementor-element-dda67b8 elementor-invisible elementor-widget elementor-widget-image\" data-id=\"dda67b8\" data-element_type=\"widget\" data-settings=\"{&quot;_animation&quot;:&quot;fadeInUp&quot;}\" data-widget_type=\"image.default\">\n\t\t\t\t<div class=\"elementor-widget-container\">\n\t\t\t\t\t\t\t\t\t\t<figure class=\"wp-caption\">\n\t\t\t\t\t\t\t\t\t\t<img decoding=\"async\" width=\"700\" height=\"688\" data-src=\"https:\/\/jardinazul.com\/wp-content\/uploads\/2019\/08\/ojos.jpg\" class=\"attachment-full size-full wp-image-1935 lazyload\" alt=\"\" data-srcset=\"https:\/\/jardinazul.com\/wp-content\/uploads\/2019\/08\/ojos.jpg 700w, https:\/\/jardinazul.com\/wp-content\/uploads\/2019\/08\/ojos-300x295.jpg 300w, https:\/\/jardinazul.com\/wp-content\/uploads\/2019\/08\/ojos-440x432.jpg 440w, https:\/\/jardinazul.com\/wp-content\/uploads\/2019\/08\/ojos-600x590.jpg 600w\" data-sizes=\"(max-width: 700px) 100vw, 700px\" src=\"data:image\/gif;base64,R0lGODlhAQABAAAAACH5BAEKAAEALAAAAAABAAEAAAICTAEAOw==\" style=\"--smush-placeholder-width: 700px; --smush-placeholder-aspect-ratio: 700\/688;\" \/><noscript><img loading=\"lazy\" decoding=\"async\" width=\"700\" height=\"688\" src=\"https:\/\/jardinazul.com\/wp-content\/uploads\/2019\/08\/ojos.jpg\" class=\"attachment-full size-full wp-image-1935\" alt=\"\" srcset=\"https:\/\/jardinazul.com\/wp-content\/uploads\/2019\/08\/ojos.jpg 700w, https:\/\/jardinazul.com\/wp-content\/uploads\/2019\/08\/ojos-300x295.jpg 300w, https:\/\/jardinazul.com\/wp-content\/uploads\/2019\/08\/ojos-440x432.jpg 440w, https:\/\/jardinazul.com\/wp-content\/uploads\/2019\/08\/ojos-600x590.jpg 600w\" sizes=\"(max-width: 700px) 100vw, 700px\" \/><\/noscript>\t\t\t\t\t\t\t\t\t\t\t<figcaption class=\"widget-image-caption wp-caption-text\"><\/figcaption>\n\t\t\t\t\t\t\t\t\t\t<\/figure>\n\t\t\t\t\t\t\t<\/div>\n\t\t\t\t<\/div>\n\t\t\t\t<div class=\"elementor-element elementor-element-a422b0d elementor-widget elementor-widget-heading\" data-id=\"a422b0d\" data-element_type=\"widget\" data-widget_type=\"heading.default\">\n\t\t\t\t<div class=\"elementor-widget-container\">\n\t\t\t<h1 class=\"elementor-heading-title elementor-size-default\">HABITACIONES<\/h1>\t\t<\/div>\n\t\t\t\t<\/div>\n\t\t\t\t<div class=\"elementor-element elementor-element-6753dbe elementor-invisible elementor-widget elementor-widget-hoteller-accommodation-types\" data-id=\"6753dbe\" data-element_type=\"widget\" data-settings=\"{&quot;_animation&quot;:&quot;fadeInUp&quot;,&quot;_animation_delay&quot;:800}\" data-widget_type=\"hoteller-accommodation-types.default\">\n\t\t\t\t<div class=\"elementor-widget-container\">\n\t\t\t<div class=\"accommodation_type_content_wrapper layout_2\">\n\n<!-- Begin each accoomodation type post -->\n\t<div class=\"room_grid_wrapper one_third\">\n\t\t\t<div class=\"post_img_hover\">\n\t\t\t<img decoding=\"async\" class=\"singleroom_other_image lazyload\" data-src=\"https:\/\/jardinazul.com\/wp-content\/uploads\/2019\/08\/doble-con-balcon-700x466.jpg\" alt=\"\" src=\"data:image\/gif;base64,R0lGODlhAQABAAAAACH5BAEKAAEALAAAAAABAAEAAAICTAEAOw==\" style=\"--smush-placeholder-width: 700px; --smush-placeholder-aspect-ratio: 700\/466;\" \/><noscript><img decoding=\"async\" class=\"singleroom_other_image\" src=\"https:\/\/jardinazul.com\/wp-content\/uploads\/2019\/08\/doble-con-balcon-700x466.jpg\" alt=\"\"\/><\/noscript>\n\t\t\t<a class=\"singleroom_other_image_link\" title=\"1. Doble deluxe con balc\u00f3n. Para una o dos personas\" href=\"https:\/\/jardinazul.com\/es_co\/accommodation\/doble-deluxe-balcon\/\"><\/a>\n\t\t<\/div>\n\t\t<h3 class=\"room_grid_wrapper_header\"><a title=\"1. Doble deluxe con balc\u00f3n. Para una o dos personas\" href=\"https:\/\/jardinazul.com\/es_co\/accommodation\/doble-deluxe-balcon\/\">1. Doble deluxe con balc\u00f3n. Para una o dos personas<\/a><\/h3>\n\t\t\n\t\t\t\t\t<div class=\"room_grid_content_wrapper themeborder\">\n\t\t\t\tExcelente elecci\u00f3n para viaje de negocios y planes rom\u00e1nticos.&nbsp;\nHabitaci\u00f3n doble amplia con balc\u00f3n y vista magn\u00edfica a la piscina y al jard\u00edn.\n\n\nIncluye...\t\t\t<\/div>\n\t\t\t\t<div class=\"room_grid2_action_wrapper\">\n\t\t\t<div class=\"child_one_half themeborder\">\n\t\t\t\t<div class=\"room_grid2_price_label\">From<\/div>\n\t\t\t\t<div class=\"room_grid2_price\">\n\t\t\t\t\t<span class=\"mphb-price\"><span class=\"mphb-currency\">&#36;<\/span>160.000<\/span> <span class=\"mphb-price-period\" title=\"Choose dates to see relevant prices\">per night<\/span>\t\t\t\t<\/div>\n\t\t\t<\/div>\n\t\t\t\n\t\t\t<div class=\"room_grid2_view child_one_half last\">\n\t\t\t\t<a title=\"1. Doble deluxe con balc\u00f3n. Para una o dos personas\" href=\"https:\/\/jardinazul.com\/es_co\/accommodation\/doble-deluxe-balcon\/\" class=\"room_grid2_view\">\n\t\t\t\t\tView Detail\t\t\t\t<\/a>\n\t\t\t<\/div>\n\t\t<\/div>\n\t<\/div>\n\n<!-- End each accoomodation type post -->\n<!-- Begin each accoomodation type post -->\n\t<div class=\"room_grid_wrapper one_third\">\n\t\t\t<div class=\"post_img_hover\">\n\t\t\t<img decoding=\"async\" class=\"singleroom_other_image lazyload\" data-src=\"https:\/\/jardinazul.com\/wp-content\/uploads\/2019\/08\/doble-700x466.jpg\" alt=\"\" src=\"data:image\/gif;base64,R0lGODlhAQABAAAAACH5BAEKAAEALAAAAAABAAEAAAICTAEAOw==\" style=\"--smush-placeholder-width: 700px; --smush-placeholder-aspect-ratio: 700\/466;\" \/><noscript><img decoding=\"async\" class=\"singleroom_other_image\" src=\"https:\/\/jardinazul.com\/wp-content\/uploads\/2019\/08\/doble-700x466.jpg\" alt=\"\"\/><\/noscript>\n\t\t\t<a class=\"singleroom_other_image_link\" title=\"2. Doble est\u00e1ndar. Para una o dos personas\" href=\"https:\/\/jardinazul.com\/es_co\/accommodation\/doble-estandar\/\"><\/a>\n\t\t<\/div>\n\t\t<h3 class=\"room_grid_wrapper_header\"><a title=\"2. Doble est\u00e1ndar. Para una o dos personas\" href=\"https:\/\/jardinazul.com\/es_co\/accommodation\/doble-estandar\/\">2. Doble est\u00e1ndar. Para una o dos personas<\/a><\/h3>\n\t\t\n\t\t\t\t\t<div class=\"room_grid_content_wrapper themeborder\">\n\t\t\t\tExcelente elecci\u00f3n para viaje de negocios o en pareja.\nHabitaci\u00f3n doble, amplia con una gran ventana con vistas a la piscina y al jard\u00edn.\n\n\nIncluye...\t\t\t<\/div>\n\t\t\t\t<div class=\"room_grid2_action_wrapper\">\n\t\t\t<div class=\"child_one_half themeborder\">\n\t\t\t\t<div class=\"room_grid2_price_label\">From<\/div>\n\t\t\t\t<div class=\"room_grid2_price\">\n\t\t\t\t\t<span class=\"mphb-price\"><span class=\"mphb-currency\">&#36;<\/span>140.000<\/span> <span class=\"mphb-price-period\" title=\"Choose dates to see relevant prices\">per night<\/span>\t\t\t\t<\/div>\n\t\t\t<\/div>\n\t\t\t\n\t\t\t<div class=\"room_grid2_view child_one_half last\">\n\t\t\t\t<a title=\"2. Doble est\u00e1ndar. Para una o dos personas\" href=\"https:\/\/jardinazul.com\/es_co\/accommodation\/doble-estandar\/\" class=\"room_grid2_view\">\n\t\t\t\t\tView Detail\t\t\t\t<\/a>\n\t\t\t<\/div>\n\t\t<\/div>\n\t<\/div>\n\n<!-- End each accoomodation type post -->\n<!-- Begin each accoomodation type post -->\n\t<div class=\"room_grid_wrapper one_third\">\n\t\t\t<div class=\"post_img_hover\">\n\t\t\t<img decoding=\"async\" class=\"singleroom_other_image lazyload\" data-src=\"https:\/\/jardinazul.com\/wp-content\/uploads\/2019\/08\/triple-deluxe-700x466.jpg\" alt=\"\" src=\"data:image\/gif;base64,R0lGODlhAQABAAAAACH5BAEKAAEALAAAAAABAAEAAAICTAEAOw==\" style=\"--smush-placeholder-width: 700px; --smush-placeholder-aspect-ratio: 700\/466;\" \/><noscript><img decoding=\"async\" class=\"singleroom_other_image\" src=\"https:\/\/jardinazul.com\/wp-content\/uploads\/2019\/08\/triple-deluxe-700x466.jpg\" alt=\"\"\/><\/noscript>\n\t\t\t<a class=\"singleroom_other_image_link\" title=\"3. Suite con balc\u00f3n. Para dos o tres personas\" href=\"https:\/\/jardinazul.com\/es_co\/accommodation\/luxury-suite-room\/\"><\/a>\n\t\t<\/div>\n\t\t<h3 class=\"room_grid_wrapper_header\"><a title=\"3. Suite con balc\u00f3n. Para dos o tres personas\" href=\"https:\/\/jardinazul.com\/es_co\/accommodation\/luxury-suite-room\/\">3. Suite con balc\u00f3n. Para dos o tres personas<\/a><\/h3>\n\t\t\n\t\t\t\t\t<div class=\"room_grid_content_wrapper themeborder\">\n\t\t\t\tIdeal para grupos y familia. Habitaci\u00f3n m\u00faltiple con ba\u00f1o privado y TV de pantalla plana.&nbsp;\n\nIncluye en la habitaci\u00f3n:\n\n \tBa\u00f1o privado con ducha\n...\t\t\t<\/div>\n\t\t\t\t<div class=\"room_grid2_action_wrapper\">\n\t\t\t<div class=\"child_one_half themeborder\">\n\t\t\t\t<div class=\"room_grid2_price_label\">From<\/div>\n\t\t\t\t<div class=\"room_grid2_price\">\n\t\t\t\t\t<span class=\"mphb-price\"><span class=\"mphb-currency\">&#36;<\/span>200.000<\/span> <span class=\"mphb-price-period\" title=\"Choose dates to see relevant prices\">per night<\/span>\t\t\t\t<\/div>\n\t\t\t<\/div>\n\t\t\t\n\t\t\t<div class=\"room_grid2_view child_one_half last\">\n\t\t\t\t<a title=\"3. Suite con balc\u00f3n. Para dos o tres personas\" href=\"https:\/\/jardinazul.com\/es_co\/accommodation\/luxury-suite-room\/\" class=\"room_grid2_view\">\n\t\t\t\t\tView Detail\t\t\t\t<\/a>\n\t\t\t<\/div>\n\t\t<\/div>\n\t<\/div>\n\n<!-- End each accoomodation type post -->\n<!-- Begin each accoomodation type post -->\n\t<div class=\"room_grid_wrapper one_third\">\n\t\t\t<div class=\"post_img_hover\">\n\t\t\t<img decoding=\"async\" class=\"singleroom_other_image lazyload\" data-src=\"https:\/\/jardinazul.com\/wp-content\/uploads\/2019\/08\/doble-con-balcon-700x466.jpg\" alt=\"\" src=\"data:image\/gif;base64,R0lGODlhAQABAAAAACH5BAEKAAEALAAAAAABAAEAAAICTAEAOw==\" style=\"--smush-placeholder-width: 700px; --smush-placeholder-aspect-ratio: 700\/466;\" \/><noscript><img decoding=\"async\" class=\"singleroom_other_image\" src=\"https:\/\/jardinazul.com\/wp-content\/uploads\/2019\/08\/doble-con-balcon-700x466.jpg\" alt=\"\"\/><\/noscript>\n\t\t\t<a class=\"singleroom_other_image_link\" title=\"4. Doble deluxe con balc\u00f3n. Para una o dos personas\" href=\"https:\/\/jardinazul.com\/es_co\/accommodation\/4-doble-deluxe-con-balcon-para-una-o-dos-personas\/\"><\/a>\n\t\t<\/div>\n\t\t<h3 class=\"room_grid_wrapper_header\"><a title=\"4. Doble deluxe con balc\u00f3n. Para una o dos personas\" href=\"https:\/\/jardinazul.com\/es_co\/accommodation\/4-doble-deluxe-con-balcon-para-una-o-dos-personas\/\">4. Doble deluxe con balc\u00f3n. Para una o dos personas<\/a><\/h3>\n\t\t\n\t\t\t\t\t<div class=\"room_grid_content_wrapper themeborder\">\n\t\t\t\tExcelente elecci\u00f3n para viaje de negocios y planes rom\u00e1nticos\nHabitaci\u00f3n doble amplia con balc\u00f3n y vista magn\u00edfica a la piscina y al jard\u00edn\n\n\nIncluye...\t\t\t<\/div>\n\t\t\t\t<div class=\"room_grid2_action_wrapper\">\n\t\t\t<div class=\"child_one_half themeborder\">\n\t\t\t\t<div class=\"room_grid2_price_label\">From<\/div>\n\t\t\t\t<div class=\"room_grid2_price\">\n\t\t\t\t\t<span class=\"mphb-price\"><span class=\"mphb-currency\">&#36;<\/span>160.000<\/span> <span class=\"mphb-price-period\" title=\"Choose dates to see relevant prices\">per night<\/span>\t\t\t\t<\/div>\n\t\t\t<\/div>\n\t\t\t\n\t\t\t<div class=\"room_grid2_view child_one_half last\">\n\t\t\t\t<a title=\"4. Doble deluxe con balc\u00f3n. Para una o dos personas\" href=\"https:\/\/jardinazul.com\/es_co\/accommodation\/4-doble-deluxe-con-balcon-para-una-o-dos-personas\/\" class=\"room_grid2_view\">\n\t\t\t\t\tView Detail\t\t\t\t<\/a>\n\t\t\t<\/div>\n\t\t<\/div>\n\t<\/div>\n\n<!-- End each accoomodation type post -->\n<!-- Begin each accoomodation type post -->\n\t<div class=\"room_grid_wrapper one_third\">\n\t\t\t<div class=\"post_img_hover\">\n\t\t\t<img decoding=\"async\" class=\"singleroom_other_image lazyload\" data-src=\"https:\/\/jardinazul.com\/wp-content\/uploads\/2019\/08\/triple-700x466.jpg\" alt=\"\" src=\"data:image\/gif;base64,R0lGODlhAQABAAAAACH5BAEKAAEALAAAAAABAAEAAAICTAEAOw==\" style=\"--smush-placeholder-width: 700px; --smush-placeholder-aspect-ratio: 700\/466;\" \/><noscript><img decoding=\"async\" class=\"singleroom_other_image\" src=\"https:\/\/jardinazul.com\/wp-content\/uploads\/2019\/08\/triple-700x466.jpg\" alt=\"\"\/><\/noscript>\n\t\t\t<a class=\"singleroom_other_image_link\" title=\"5. Triple superior. Para dos o tres personas\" href=\"https:\/\/jardinazul.com\/es_co\/accommodation\/triple-estandar\/\"><\/a>\n\t\t<\/div>\n\t\t<h3 class=\"room_grid_wrapper_header\"><a title=\"5. Triple superior. Para dos o tres personas\" href=\"https:\/\/jardinazul.com\/es_co\/accommodation\/triple-estandar\/\">5. Triple superior. Para dos o tres personas<\/a><\/h3>\n\t\t\n\t\t\t\t\t<div class=\"room_grid_content_wrapper themeborder\">\n\t\t\t\tHabitaci\u00f3n m\u00faltiple. Ideal para grupos y familias\n\nIncluye en la habitaci\u00f3n:\n\n \tBa\u00f1o privado con ducha\n \tTV de pantalla plana\n \tCanales por suscripci\u00f3n\n...\t\t\t<\/div>\n\t\t\t\t<div class=\"room_grid2_action_wrapper\">\n\t\t\t<div class=\"child_one_half themeborder\">\n\t\t\t\t<div class=\"room_grid2_price_label\">From<\/div>\n\t\t\t\t<div class=\"room_grid2_price\">\n\t\t\t\t\t<span class=\"mphb-price\"><span class=\"mphb-currency\">&#36;<\/span>180.000<\/span> <span class=\"mphb-price-period\" title=\"Choose dates to see relevant prices\">per night<\/span>\t\t\t\t<\/div>\n\t\t\t<\/div>\n\t\t\t\n\t\t\t<div class=\"room_grid2_view child_one_half last\">\n\t\t\t\t<a title=\"5. Triple superior. Para dos o tres personas\" href=\"https:\/\/jardinazul.com\/es_co\/accommodation\/triple-estandar\/\" class=\"room_grid2_view\">\n\t\t\t\t\tView Detail\t\t\t\t<\/a>\n\t\t\t<\/div>\n\t\t<\/div>\n\t<\/div>\n\n<!-- End each accoomodation type post -->\n<!-- Begin each accoomodation type post -->\n\t<div class=\"room_grid_wrapper one_third\">\n\t\t\t<div class=\"post_img_hover\">\n\t\t\t<img decoding=\"async\" class=\"singleroom_other_image lazyload\" data-src=\"https:\/\/jardinazul.com\/wp-content\/uploads\/2019\/08\/triple-700x466.jpg\" alt=\"\" src=\"data:image\/gif;base64,R0lGODlhAQABAAAAACH5BAEKAAEALAAAAAABAAEAAAICTAEAOw==\" style=\"--smush-placeholder-width: 700px; --smush-placeholder-aspect-ratio: 700\/466;\" \/><noscript><img decoding=\"async\" class=\"singleroom_other_image\" src=\"https:\/\/jardinazul.com\/wp-content\/uploads\/2019\/08\/triple-700x466.jpg\" alt=\"\"\/><\/noscript>\n\t\t\t<a class=\"singleroom_other_image_link\" title=\"6. Triple superior. Para dos o tres personas\" href=\"https:\/\/jardinazul.com\/es_co\/accommodation\/6-triple-estandar-para-dos-o-tres-personas\/\"><\/a>\n\t\t<\/div>\n\t\t<h3 class=\"room_grid_wrapper_header\"><a title=\"6. Triple superior. Para dos o tres personas\" href=\"https:\/\/jardinazul.com\/es_co\/accommodation\/6-triple-estandar-para-dos-o-tres-personas\/\">6. Triple superior. Para dos o tres personas<\/a><\/h3>\n\t\t\n\t\t\t\t\t<div class=\"room_grid_content_wrapper themeborder\">\n\t\t\t\tHabitaci\u00f3n m\u00faltiple. Ideal para grupos y familias.\n\nIncluye en la habitaci\u00f3n:\n\n \tBa\u00f1o privado con ducha\n \tTV de pantalla plana\n \tCanales por suscripci\u00f3n\n...\t\t\t<\/div>\n\t\t\t\t<div class=\"room_grid2_action_wrapper\">\n\t\t\t<div class=\"child_one_half themeborder\">\n\t\t\t\t<div class=\"room_grid2_price_label\">From<\/div>\n\t\t\t\t<div class=\"room_grid2_price\">\n\t\t\t\t\t<span class=\"mphb-price\"><span class=\"mphb-currency\">&#36;<\/span>180.000<\/span> <span class=\"mphb-price-period\" title=\"Choose dates to see relevant prices\">per night<\/span>\t\t\t\t<\/div>\n\t\t\t<\/div>\n\t\t\t\n\t\t\t<div class=\"room_grid2_view child_one_half last\">\n\t\t\t\t<a title=\"6. Triple superior. Para dos o tres personas\" href=\"https:\/\/jardinazul.com\/es_co\/accommodation\/6-triple-estandar-para-dos-o-tres-personas\/\" class=\"room_grid2_view\">\n\t\t\t\t\tView Detail\t\t\t\t<\/a>\n\t\t\t<\/div>\n\t\t<\/div>\n\t<\/div>\n\n<!-- End each accoomodation type post --><\/div>\n<br class=\"clear\"\/>\t\t<\/div>\n\t\t\t\t<\/div>\n\t\t\t\t\t<\/div>\n\t\t<\/div>\n\t\t\t\t\t<\/div>\n\t\t<\/section>\n\t\t\t\t<\/div>\n\t\t","protected":false},"excerpt":{"rendered":"<p>Sostenibilidad JARD\u00cdN AZUL CASA HOTEL JARDIN AZUL CASA HOTEL, siendo consciente de sus obligaciones se compromete al cumplimiento de los requisitos legales que le corresponda, aplicar los criterios ambientales en todos los procesos de planificaci\u00f3n y toma de decisiones sobre [&hellip;]<\/p>\n","protected":false},"author":1,"featured_media":0,"parent":0,"menu_order":0,"comment_status":"closed","ping_status":"closed","template":"","meta":{"_joinchat":[],"footnotes":""},"class_list":["post-2043","page","type-page","status-publish","hentry"],"_links":{"self":[{"href":"https:\/\/jardinazul.com\/es_co\/wp-json\/wp\/v2\/pages\/2043","targetHints":{"allow":["GET"]}}],"collection":[{"href":"https:\/\/jardinazul.com\/es_co\/wp-json\/wp\/v2\/pages"}],"about":[{"href":"https:\/\/jardinazul.com\/es_co\/wp-json\/wp\/v2\/types\/page"}],"author":[{"embeddable":true,"href":"https:\/\/jardinazul.com\/es_co\/wp-json\/wp\/v2\/users\/1"}],"replies":[{"embeddable":true,"href":"https:\/\/jardinazul.com\/es_co\/wp-json\/wp\/v2\/comments?post=2043"}],"version-history":[{"count":0,"href":"https:\/\/jardinazul.com\/es_co\/wp-json\/wp\/v2\/pages\/2043\/revisions"}],"wp:attachment":[{"href":"https:\/\/jardinazul.com\/es_co\/wp-json\/wp\/v2\/media?parent=2043"}],"curies":[{"name":"wp","href":"https:\/\/api.w.org\/{rel}","templated":true}]}}